{"id":109,"date":"2025-03-03T23:00:29","date_gmt":"2025-03-03T22:00:29","guid":{"rendered":"https:\/\/www.kosmetik-almut.at\/?page_id=109"},"modified":"2025-04-09T17:12:22","modified_gmt":"2025-04-09T15:12:22","slug":"korperglanz","status":"publish","type":"page","link":"https:\/\/www.kosmetik-almut.at\/?page_id=109","title":{"rendered":"K\u00f6rperglanz"},"content":{"rendered":"\n<div class=\"wp-block-group alignfull has-global-padding is-content-justification-center is-layout-constrained wp-block-group-is-layout-constrained\" style=\"margin-top:0;margin-bottom:0;padding-top:var(--wp--preset--spacing--40);padding-bottom:var(--wp--preset--spacing--40)\">\n<div class=\"wp-block-columns alignwide is-layout-flex wp-container-core-columns-is-layout-28f84493 wp-block-columns-is-layout-flex\">\n<div class=\"wp-block-column is-vertically-aligned-top has-global-padding is-content-justification-left is-layout-constrained wp-container-core-column-is-layout-f3298e88 wp-block-column-is-layout-constrained\">\n<h2 class=\"wp-block-heading has-text-color has-link-color wp-elements-2f3b3c9bd9a5ac68b7ba03eeb1a1e7ac\" style=\"color:#a40a34\">K\u00f6rperpflege \u2013 Entspannung &amp; Pflege <\/h2>\n\n\n\n<p>Ihr K\u00f6rper verdient genauso viel Aufmerksamkeit wie Ihr Gesicht. Mit unseren verw\u00f6hnenden <strong>K\u00f6rperbehandlungen<\/strong> sorgen wir f\u00fcr <strong>geschmeidige Haut, tiefgehende Entspannung und eine gepflegte Ausstrahlung<\/strong>. Ob <strong>Peelings, Massagen oder Detox-Treatments<\/strong> \u2013 jede Behandlung wird individuell auf Ihre Bed\u00fcrfnisse abgestimmt und mit hochwertigen Pflegeprodukten durchgef\u00fchrt.<\/p>\n\n\n\n<p><strong>G\u00f6nnen Sie sich eine Auszeit \u2013 f\u00fcr K\u00f6rper, Geist und Seele!<\/strong><\/p>\n\n\n\n<div class=\"wp-block-buttons is-layout-flex wp-block-buttons-is-layout-flex\">\n<div class=\"wp-block-button\"><a class=\"wp-block-button__link has-background wp-element-button\" href=\"https:\/\/www.kosmetik-almut.at\/kontakt\/\" style=\"background-color:#a40a34\">Jetzt Termin vereinbaren<\/a><\/div>\n<\/div>\n<\/div>\n\n\n\n<div class=\"wp-block-column is-vertically-aligned-center is-layout-flow wp-block-column-is-layout-flow\">\n<figure class=\"wp-block-image size-full\"><img loading=\"lazy\" decoding=\"async\" width=\"4016\" height=\"6016\" src=\"https:\/\/www.kosmetik-almut.at\/wp-content\/uploads\/2025\/03\/therapist-applying-salt-young-woman-s-back.jpg\" alt=\"\" class=\"wp-image-113\" style=\"aspect-ratio:1;object-fit:cover\" \/><\/figure>\n<\/div>\n<\/div>\n<\/div>\n\n\n\n<div class=\"wp-block-group alignfull is-style-section-1 has-global-padding is-content-justification-center is-layout-constrained wp-block-group-is-layout-constrained is-style-section-1--1\" style=\"margin-top:0;margin-bottom:0;padding-top:var(--wp--preset--spacing--50);padding-bottom:var(--wp--preset--spacing--50)\">\n<div class=\"wp-block-group alignwide is-layout-flow wp-block-group-is-layout-flow\">\n<div class=\"wp-block-group alignwide is-layout-flow wp-block-group-is-layout-flow\">\n<div class=\"wp-block-columns alignwide is-layout-flex wp-container-core-columns-is-layout-87beb0d0 wp-block-columns-is-layout-flex\">\n<div class=\"wp-block-column is-layout-flow wp-block-column-is-layout-flow\">\n<h2 class=\"wp-block-heading has-text-color has-link-color wp-elements-a5fc0f3beb557c3eb29bd637b879e06c wp-container-content-958eb9dc\" style=\"color:#a40a34\">f\u00fcr strahlend sch\u00f6ne Haut<\/h2>\n\n\n\n<div style=\"margin-top:0;margin-bottom:0;height:var(--wp--preset--spacing--10)\" aria-hidden=\"true\" class=\"wp-block-spacer\"><\/div>\n<\/div>\n\n\n\n<div class=\"wp-block-column is-layout-flow wp-container-core-column-is-layout-8a368f38 wp-block-column-is-layout-flow\">\n<div class=\"wp-block-group is-vertical is-layout-flex wp-container-core-group-is-layout-fe9cc265 wp-block-group-is-layout-flex\">\n<h3 class=\"wp-block-heading has-text-color has-link-color wp-elements-4cda25a752e22f51eb7fa8ae32c05afe\" style=\"color:#a40a34\">Meersalz-Peeling<\/h3>\n\n\n\n<p>40 Euro<\/p>\n\n\n\n<p class=\"is-service-description\">Das <strong>Meersalz-K\u00f6rperpeeling<\/strong> entfernt sanft abgestorbene Hautsch\u00fcppchen und verleiht der Haut eine frische, strahlende Ausstrahlung. Die wertvollen <strong>Wirkstoffe des Meersalzes<\/strong> werden optimal aufgenommen, f\u00f6rdern die Durchblutung und hinterlassen ein <strong>seidenweiches, glattes Hautgef\u00fchl<\/strong>. Eine wohltuende Pflege f\u00fcr eine rundum erneuerte Haut.<\/p>\n<\/div>\n<\/div>\n\n\n\n<div class=\"wp-block-column is-layout-flow wp-container-core-column-is-layout-8a368f38 wp-block-column-is-layout-flow\">\n<div class=\"wp-block-group is-vertical is-layout-flex wp-container-core-group-is-layout-fe9cc265 wp-block-group-is-layout-flex\">\n<h3 class=\"wp-block-heading has-text-color has-link-color wp-elements-192963ec7181c105b50827ad884ced93\" style=\"color:#a40a34\">ENTSCHLACKUNg<\/h3>\n\n\n\n<p>42 Euro, 30 Minuten<\/p>\n\n\n\n<p class=\"is-service-description\">Der <strong>Entschlackungswickel<\/strong> ist eine effektive, nat\u00fcrliche Methode zur <strong>Entgiftung und Umfangreduktion<\/strong>. Er regt den <strong>Stoffwechsel an<\/strong>, unterst\u00fctzt das <strong>Abnehmen<\/strong> und hilft, <strong>Fettzellen abzubauen<\/strong>, w\u00e4hrend er gleichzeitig die Haut und das Gewebe strafft. Durch den Abtransport von <strong>Schlacken und Giftstoffen<\/strong> wird die Haut gefestigt und das Gewebe gestrafft \u2013 f\u00fcr ein leichteres, vitaleres K\u00f6rpergef\u00fchl.<\/p>\n<\/div>\n<\/div>\n<\/div>\n<\/div>\n<\/div>\n<\/div>\n\n\n\n<div class=\"wp-block-group alignfull is-style-default has-global-padding is-content-justification-center is-layout-constrained wp-block-group-is-layout-constrained\" style=\"margin-top:0;margin-bottom:0;padding-top:var(--wp--preset--spacing--50);padding-bottom:var(--wp--preset--spacing--50)\">\n<div class=\"wp-block-group alignwide has-global-padding is-layout-constrained wp-block-group-is-layout-constrained\">\n<h2 class=\"wp-block-heading alignfull has-text-align-left has-text-color has-link-color wp-elements-fc6ba9fd34b4f54e45ea91b13133fe62\" style=\"color:#a40a34\">Ihre Wohlf\u00fchlmomente<\/h2>\n<\/div>\n\n\n\n<div class=\"wp-block-group alignwide is-layout-flow wp-block-group-is-layout-flow\">\n<div class=\"wp-block-group is-layout-flow wp-block-group-is-layout-flow\">\n<div style=\"height:var(--wp--preset--spacing--20)\" aria-hidden=\"true\" class=\"wp-block-spacer\"><\/div>\n\n\n\n<div class=\"wp-block-columns alignwide is-layout-flex wp-container-core-columns-is-layout-549b0c86 wp-block-columns-is-layout-flex\">\n<div class=\"wp-block-column is-layout-flow wp-block-column-is-layout-flow\">\n<h3 class=\"wp-block-heading is-service-name has-text-color has-link-color wp-elements-656931a62045a5349dcac1c88b4a2133\" style=\"color:#a40a34\">Ganzk\u00f6rpermassage<\/h3>\n\n\n\n<p>40 Euro, 30 Minuten \/ 65 Euro, 50 Minuten<\/p>\n\n\n\n<p class=\"is-service-description\">L\u00f6sen Sie Verspannungen und genie\u00dfen Sie eine wohltuende <strong>Ganzk\u00f6rpermassage<\/strong>, die Muskeln lockert, die Durchblutung f\u00f6rdert und f\u00fcr tiefgehende Entspannung sorgt.<\/p>\n<\/div>\n\n\n\n<div class=\"wp-block-column is-layout-flow wp-block-column-is-layout-flow\">\n<h3 class=\"wp-block-heading is-service-name has-text-color has-link-color wp-elements-fd91e8bc78ee6f897782c9417621d9c3\" style=\"color:#a40a34\">R\u00fcckenmassage<\/h3>\n\n\n\n<p>40 Euro, 30 Minuten \/ 65 Euro, 50 Minuten<\/p>\n\n\n\n<p class=\"is-service-description\">Gezielte Massage f\u00fcr den <strong>R\u00fccken-, Schulter- und Nackenbereich<\/strong>, um Verspannungen zu l\u00f6sen und das Wohlbefinden zu steigern.<\/p>\n<\/div>\n\n\n\n<div class=\"wp-block-column is-layout-flow wp-block-column-is-layout-flow\">\n<h3 class=\"wp-block-heading is-service-name has-text-color has-link-color wp-elements-be9d1b8fc616d8096b3a0423c2fa997a\" style=\"color:#a40a34\">KAVITATION<\/h3>\n\n\n\n<p>ab 45 Euro<\/p>\n\n\n\n<p class=\"is-service-description\">Sanfte, nicht-invasive Behandlung gegen <strong>hartn\u00e4ckige Fettpolster<\/strong>, die zur <strong>Umfangreduzierung<\/strong> beitr\u00e4gt und das Hautbild strafft.<\/p>\n<\/div>\n<\/div>\n<\/div>\n<\/div>\n<\/div>\n","protected":false},"excerpt":{"rendered":"<p>K\u00f6rperpflege \u2013 Entspannung &amp; Pflege Ihr K\u00f6rper verdient genauso viel Aufmerksamkeit wie Ihr Gesicht. Mit unseren verw\u00f6hnenden K\u00f6rperbehandlungen sorgen wir f\u00fcr geschmeidige Haut, tiefgehende Entspannung und eine gepflegte Ausstrahlung. Ob Peelings, Massagen oder Detox-Treatments \u2013 jede Behandlung wird individuell auf Ihre Bed\u00fcrfnisse abgestimmt und mit hochwertigen Pflegeprodukten durchgef\u00fchrt. G\u00f6nnen Sie sich eine Auszeit \u2013 f\u00fcr [&hellip;]<\/p>\n","protected":false},"author":130702925,"featured_media":0,"parent":0,"menu_order":0,"comment_status":"closed","ping_status":"closed","template":"","meta":{"footnotes":""},"class_list":["post-109","page","type-page","status-publish","hentry"],"_links":{"self":[{"href":"https:\/\/www.kosmetik-almut.at\/index.php?rest_route=\/wp\/v2\/pages\/109","targetHints":{"allow":["GET"]}}],"collection":[{"href":"https:\/\/www.kosmetik-almut.at\/index.php?rest_route=\/wp\/v2\/pages"}],"about":[{"href":"https:\/\/www.kosmetik-almut.at\/index.php?rest_route=\/wp\/v2\/types\/page"}],"author":[{"embeddable":true,"href":"https:\/\/www.kosmetik-almut.at\/index.php?rest_route=\/wp\/v2\/users\/130702925"}],"replies":[{"embeddable":true,"href":"https:\/\/www.kosmetik-almut.at\/index.php?rest_route=%2Fwp%2Fv2%2Fcomments&post=109"}],"version-history":[{"count":17,"href":"https:\/\/www.kosmetik-almut.at\/index.php?rest_route=\/wp\/v2\/pages\/109\/revisions"}],"predecessor-version":[{"id":276,"href":"https:\/\/www.kosmetik-almut.at\/index.php?rest_route=\/wp\/v2\/pages\/109\/revisions\/276"}],"wp:attachment":[{"href":"https:\/\/www.kosmetik-almut.at\/index.php?rest_route=%2Fwp%2Fv2%2Fmedia&parent=109"}],"curies":[{"name":"wp","href":"https:\/\/api.w.org\/{rel}","templated":true}]}}