{"id":129,"date":"2025-03-03T23:10:11","date_gmt":"2025-03-03T22:10:11","guid":{"rendered":"https:\/\/www.kosmetik-almut.at\/?page_id=129"},"modified":"2025-06-22T00:02:49","modified_gmt":"2025-06-21T22:02:49","slug":"handefusse","status":"publish","type":"page","link":"https:\/\/www.kosmetik-almut.at\/?page_id=129","title":{"rendered":"H\u00e4nde &amp; F\u00fcsse"},"content":{"rendered":"\n<div class=\"wp-block-group alignfull has-global-padding is-content-justification-center is-layout-constrained wp-block-group-is-layout-constrained\" style=\"margin-top:0;margin-bottom:0;padding-top:var(--wp--preset--spacing--40);padding-bottom:var(--wp--preset--spacing--40)\">\n<div class=\"wp-block-columns alignwide is-layout-flex wp-container-core-columns-is-layout-28f84493 wp-block-columns-is-layout-flex\">\n<div class=\"wp-block-column is-vertically-aligned-top has-global-padding is-content-justification-left is-layout-constrained wp-container-core-column-is-layout-f3298e88 wp-block-column-is-layout-constrained\">\n<h2 class=\"wp-block-heading alignfull has-text-color has-link-color wp-elements-8f6b1e076a118d08bfdb10114633961f\" style=\"color:#a40a34\">H\u00e4nde und F\u00fc\u00dfe  \u2013 Perfekte Pflege f\u00fcr ein gepflegtes Erscheinungsbild<\/h2>\n\n\n\n<p>\u201e<em>Zeigt her eure F\u00fc\u00dfe, zeigt her eure Schuh\u2026<\/em>\u201c \u2013 dieses bekannte Kinderlied erinnert uns daran, wie wichtig gepflegte F\u00fc\u00dfe sind. Doch nicht nur im Sommer, wenn Sandalen und offene Schuhe zum Hingucker werden, verdienen unsere F\u00fc\u00dfe Aufmerksamkeit. Auch unsere H\u00e4nde sind t\u00e4glich im Einsatz \u2013 sei es bei der Arbeit, beim Essen oder im gesellschaftlichen Leben. <strong>Sch\u00f6ne, gepflegte H\u00e4nde und F\u00fc\u00dfe sind nicht nur ein Wohlf\u00fchlfaktor, sondern auch ein Ausdruck von Selbstpflege und Eleganz.<\/strong><\/p>\n\n\n\n<p>G\u00f6nnen Sie sich eine <strong>professionelle Manik\u00fcre oder Pedik\u00fcre<\/strong>, die nicht nur entspannend wirkt, sondern auch f\u00fcr ein makelloses, gepflegtes Erscheinungsbild sorgt.<\/p>\n\n\n\n<p><strong>Jetzt Termin buchen &amp; sich verw\u00f6hnen lassen!<\/strong><\/p>\n\n\n\n<div class=\"wp-block-buttons is-layout-flex wp-block-buttons-is-layout-flex\">\n<div class=\"wp-block-button\"><a class=\"wp-block-button__link has-background wp-element-button\" href=\"https:\/\/www.kosmetik-almut.at\/kontakt\/\" style=\"background-color:#a40a34\">Jetzt Termin vereinbaren<\/a><\/div>\n<\/div>\n<\/div>\n\n\n\n<div class=\"wp-block-column is-vertically-aligned-center is-layout-flow wp-block-column-is-layout-flow\">\n<figure class=\"wp-block-image size-full\"><img loading=\"lazy\" decoding=\"async\" width=\"7316\" height=\"4916\" src=\"https:\/\/www.kosmetik-almut.at\/wp-content\/uploads\/2025\/03\/woman-s-feet-bowl-with-water-petal.jpg\" alt=\"\" class=\"wp-image-130\" style=\"aspect-ratio:1;object-fit:cover\" \/><\/figure>\n<\/div>\n<\/div>\n<\/div>\n\n\n\n<div class=\"wp-block-group alignfull is-style-section-1 has-global-padding is-content-justification-center is-layout-constrained wp-block-group-is-layout-constrained is-style-section-1--1\" style=\"margin-top:0;margin-bottom:0;padding-top:var(--wp--preset--spacing--50);padding-bottom:var(--wp--preset--spacing--50)\">\n<div class=\"wp-block-group alignwide is-layout-flow wp-block-group-is-layout-flow\">\n<div class=\"wp-block-group alignwide is-layout-flow wp-block-group-is-layout-flow\">\n<div class=\"wp-block-columns alignwide is-layout-flex wp-container-core-columns-is-layout-87beb0d0 wp-block-columns-is-layout-flex\">\n<div class=\"wp-block-column is-layout-flow wp-block-column-is-layout-flow\">\n<h2 class=\"wp-block-heading has-text-color has-link-color wp-elements-58341a723b63b0650543913ec9c701a7 wp-container-content-958eb9dc\" style=\"color:#a40a34\">Verw\u00f6hnende Fu\u00dfpflege f\u00fcr gesunde &amp; sch\u00f6ne F\u00fc\u00dfe<\/h2>\n\n\n\n<div style=\"margin-top:0;margin-bottom:0;height:var(--wp--preset--spacing--10)\" aria-hidden=\"true\" class=\"wp-block-spacer\"><\/div>\n<\/div>\n\n\n\n<div class=\"wp-block-column is-layout-flow wp-container-core-column-is-layout-8a368f38 wp-block-column-is-layout-flow\">\n<div class=\"wp-block-group is-vertical is-layout-flex wp-container-core-group-is-layout-fe9cc265 wp-block-group-is-layout-flex\">\n<h3 class=\"wp-block-heading has-text-color has-link-color wp-elements-beb47227d9bcafb44ac7093fefbe1295\" style=\"color:#a40a34\">Kosmetische fu\u00dfpflege<\/h3>\n\n\n\n<p>44 Euro, 45 Minuten<\/p>\n\n\n\n<p class=\"is-service-description\">Ein entspannendes <strong>Massagebad<\/strong> bereitet Ihre F\u00fc\u00dfe optimal auf die Pflege vor. <strong>N\u00e4gel werden gek\u00fcrzt, eingewachsene N\u00e4gel behandelt<\/strong>, Nagelhaut und Hornhaut sanft entfernt. Zum Abschluss sorgt eine hochwertige <strong>Fu\u00dfcreme<\/strong> f\u00fcr geschmeidige Haut.<\/p>\n<\/div>\n<\/div>\n\n\n\n<div class=\"wp-block-column is-layout-flow wp-container-core-column-is-layout-8a368f38 wp-block-column-is-layout-flow\">\n<div class=\"wp-block-group is-vertical is-layout-flex wp-container-core-group-is-layout-fe9cc265 wp-block-group-is-layout-flex\">\n<h3 class=\"wp-block-heading has-text-color has-link-color wp-elements-c64cbc7a44f58bb4542552b3cb172780\" style=\"color:#a40a34\">Kosmetische Verw\u00f6hn-Fu\u00dfpflege<\/h3>\n\n\n\n<p>64 Euro, 50 Minuten<\/p>\n\n\n\n<p class=\"is-service-description\">Die perfekte <strong>Wellness-Pflege f\u00fcr Ihre F\u00fc\u00dfe<\/strong>! Neben den klassischen Pflegeelementen verw\u00f6hnen wir Ihre F\u00fc\u00dfe zus\u00e4tzlich mit einem <strong>Peeling, einer wohltuenden Massage und einer pflegenden Maske<\/strong> \u2013 f\u00fcr <strong>extra weiche &amp; entspannte F\u00fc\u00dfe<\/strong>.<\/p>\n<\/div>\n<\/div>\n<\/div>\n<\/div>\n<\/div>\n<\/div>\n\n\n\n<div class=\"wp-block-group alignfull is-style-default has-global-padding is-content-justification-center is-layout-constrained wp-container-core-group-is-layout-ad781b73 wp-block-group-is-layout-constrained\" style=\"margin-top:0;margin-bottom:0;padding-top:var(--wp--preset--spacing--50);padding-bottom:var(--wp--preset--spacing--50)\">\n<div class=\"wp-block-group alignwide is-layout-flow wp-block-group-is-layout-flow\">\n<div class=\"wp-block-columns alignwide is-layout-flex wp-container-core-columns-is-layout-c6809a2b wp-block-columns-is-layout-flex\">\n<div class=\"wp-block-column is-layout-flow wp-block-column-is-layout-flow\" style=\"padding-top:24px;padding-bottom:24px\">\n<h2 class=\"wp-block-heading has-text-align-left has-text-color has-link-color wp-elements-d37bcfb20ca369186ac40ed5c6e891ca\" style=\"color:#a40a34\">Weitere Extras<\/h2>\n<\/div>\n\n\n\n<div class=\"wp-block-column is-layout-flow wp-block-column-is-layout-flow\">\n<div class=\"wp-block-group is-layout-flow wp-container-core-group-is-layout-8a368f38 wp-block-group-is-layout-flow\">\n<div class=\"wp-block-group alignwide is-layout-flow wp-block-group-is-layout-flow\" style=\"border-bottom-width:1px;padding-top:24px;padding-bottom:24px\">\n<div class=\"wp-block-group is-content-justification-space-between is-layout-flex wp-container-core-group-is-layout-ceead2e9 wp-block-group-is-layout-flex\">\n<h4 class=\"wp-block-heading is-menu-item-name has-text-color has-link-color wp-elements-2c49a3fe22a11c41c5987f49de181de8\" style=\"color:#a40a34\">N\u00e4gel lackieren<\/h4>\n\n\n\n<p class=\"is-menu-item-price\">12 Euro<\/p>\n<\/div>\n<\/div>\n\n\n\n<div class=\"wp-block-group alignwide is-layout-flow wp-block-group-is-layout-flow\" style=\"border-bottom-width:1px;padding-top:24px;padding-bottom:24px\">\n<div class=\"wp-block-group is-content-justification-space-between is-layout-flex wp-container-core-group-is-layout-ceead2e9 wp-block-group-is-layout-flex\">\n<h4 class=\"wp-block-heading is-menu-item-name has-text-color has-link-color wp-elements-356be3279a2025ea031005681ecf9dcb\" style=\"color:#a40a34\">N\u00e4gel lackieren mit Shellack<\/h4>\n\n\n\n<p class=\"is-menu-item-price\">32&nbsp;Euro<\/p>\n<\/div>\n<\/div>\n\n\n\n<div class=\"wp-block-group alignwide is-layout-flow wp-block-group-is-layout-flow\" style=\"border-bottom-width:1px;padding-top:24px;padding-bottom:24px\">\n<div class=\"wp-block-group is-content-justification-space-between is-layout-flex wp-container-core-group-is-layout-ceead2e9 wp-block-group-is-layout-flex\">\n<h4 class=\"wp-block-heading is-menu-item-name has-text-color has-link-color wp-elements-af391479cfd8150bf562a2ba85a48dc3\" style=\"color:#a40a34\">Fu\u00dfmassage<\/h4>\n\n\n\n<p class=\"is-menu-item-price\">15 Euro<\/p>\n<\/div>\n<\/div>\n\n\n\n<div class=\"wp-block-group alignwide is-layout-flow wp-block-group-is-layout-flow\" style=\"border-bottom-width:1px;padding-top:24px;padding-bottom:24px\">\n<div class=\"wp-block-group is-content-justification-space-between is-layout-flex wp-container-core-group-is-layout-ceead2e9 wp-block-group-is-layout-flex\">\n<h4 class=\"wp-block-heading is-menu-item-name has-text-color has-link-color wp-elements-b890ede25b9b50e673e71b9b339bab55\" style=\"color:#a40a34\">Nagelplatte feilen<\/h4>\n\n\n\n<p class=\"is-menu-item-price\">2 Euro<\/p>\n<\/div>\n<\/div>\n\n\n\n<div class=\"wp-block-group alignwide is-layout-flow wp-block-group-is-layout-flow\" style=\"border-bottom-width:1px;padding-top:24px;padding-bottom:24px\">\n<div class=\"wp-block-group is-content-justification-space-between is-layout-flex wp-container-core-group-is-layout-ceead2e9 wp-block-group-is-layout-flex\">\n<h4 class=\"wp-block-heading is-menu-item-name has-text-color has-link-color wp-elements-8ce4d09a0b19479f8c3a0dc93bcaaa0d\" style=\"color:#a40a34\">Fu\u00dfpackung\/Maske<\/h4>\n\n\n\n<p class=\"is-menu-item-price\">16 Euro<\/p>\n<\/div>\n<\/div>\n\n\n\n<div class=\"wp-block-group alignwide is-layout-flow wp-block-group-is-layout-flow\" style=\"border-bottom-style:none;border-bottom-width:0px;padding-top:24px;padding-bottom:24px\">\n<div class=\"wp-block-group is-content-justification-space-between is-layout-flex wp-container-core-group-is-layout-ceead2e9 wp-block-group-is-layout-flex\">\n<h4 class=\"wp-block-heading is-menu-item-name has-text-color has-link-color wp-elements-da0bf8f2f0d1c2383b4776047fddb266\" style=\"color:#a40a34\">Paraffin Packung<\/h4>\n\n\n\n<p class=\"is-menu-item-price\">18 Euro<\/p>\n<\/div>\n<\/div>\n<\/div>\n<\/div>\n<\/div>\n<\/div>\n<\/div>\n\n\n\n<div class=\"wp-block-group alignfull is-style-section-1 has-global-padding is-content-justification-center is-layout-constrained wp-block-group-is-layout-constrained is-style-section-1--2\" style=\"margin-top:0;margin-bottom:0;padding-top:var(--wp--preset--spacing--50);padding-bottom:var(--wp--preset--spacing--50)\">\n<div class=\"wp-block-group alignwide is-layout-flow wp-block-group-is-layout-flow\">\n<div class=\"wp-block-group alignwide is-layout-flow wp-block-group-is-layout-flow\">\n<div class=\"wp-block-columns alignwide is-layout-flex wp-container-core-columns-is-layout-87beb0d0 wp-block-columns-is-layout-flex\">\n<div class=\"wp-block-column is-layout-flow wp-block-column-is-layout-flow\">\n<h2 class=\"wp-block-heading has-text-color has-link-color wp-elements-6bf4578a384e4521989575db1a7ceb83\" style=\"color:#a40a34\">H\u00e4nde spezial<\/h2>\n\n\n\n<div style=\"margin-top:0;margin-bottom:0;height:var(--wp--preset--spacing--10)\" aria-hidden=\"true\" class=\"wp-block-spacer\"><\/div>\n<\/div>\n\n\n\n<div class=\"wp-block-column is-layout-flow wp-container-core-column-is-layout-8a368f38 wp-block-column-is-layout-flow\">\n<div class=\"wp-block-group is-vertical is-layout-flex wp-container-core-group-is-layout-fe9cc265 wp-block-group-is-layout-flex\">\n<h3 class=\"wp-block-heading has-text-color has-link-color wp-elements-68e96107d23da17aa10b35707f74cdb4\" style=\"color:#a40a34\">Klassische Manik\u00fcre<\/h3>\n\n\n\n<p>34 Euro<\/p>\n\n\n\n<p class=\"is-service-description\">F\u00fcr ein nat\u00fcrlich sch\u00f6nes Nagelbild! Bei der <strong>klassischen Manik\u00fcre<\/strong> werden Ihre <strong>N\u00e4gel gek\u00fcrzt, in Form gefeilt und die Nagelhaut sanft entfernt<\/strong>. Abschlie\u00dfend sorgt eine hochwertige Pflege f\u00fcr geschmeidige, gepflegte H\u00e4nde.<\/p>\n<\/div>\n<\/div>\n\n\n\n<div class=\"wp-block-column is-layout-flow wp-container-core-column-is-layout-8a368f38 wp-block-column-is-layout-flow\">\n<div class=\"wp-block-group is-vertical is-layout-flex wp-container-core-group-is-layout-fe9cc265 wp-block-group-is-layout-flex\">\n<h3 class=\"wp-block-heading has-text-color has-link-color wp-elements-02c8178e7030b191b82e5fc39b1d3fe8\" style=\"color:#a40a34\">Verw\u00f6hn-Manik\u00fcre<\/h3>\n\n\n\n<p>54 Euro<\/p>\n\n\n\n<p class=\"is-service-description\">G\u00f6nnen Sie Ihren H\u00e4nden eine luxuri\u00f6se <strong>Pflegebehandlung<\/strong>! Ein wohltuendes <strong>Handbad<\/strong> bereitet die Haut optimal vor, gefolgt von <strong>Nagelfeilen, sanftem Peeling und der Pflege der Nagelhaut<\/strong>. Eine entspannende <strong>Massage und eine pflegende Maske<\/strong> sorgen f\u00fcr geschmeidige, gepflegte H\u00e4nde.<\/p>\n<\/div>\n<\/div>\n<\/div>\n<\/div>\n<\/div>\n<\/div>\n\n\n\n<div class=\"wp-block-group alignfull is-style-default has-global-padding is-content-justification-center is-layout-constrained wp-container-core-group-is-layout-ad781b73 wp-block-group-is-layout-constrained\" style=\"margin-top:0;margin-bottom:0;padding-top:var(--wp--preset--spacing--50);padding-bottom:var(--wp--preset--spacing--50)\">\n<div class=\"wp-block-group alignwide is-layout-flow wp-block-group-is-layout-flow\">\n<div class=\"wp-block-columns alignwide is-layout-flex wp-container-core-columns-is-layout-c6809a2b wp-block-columns-is-layout-flex\">\n<div class=\"wp-block-column is-layout-flow wp-block-column-is-layout-flow\" style=\"padding-top:24px;padding-bottom:24px\">\n<h2 class=\"wp-block-heading has-text-align-left has-text-color has-link-color wp-elements-d37bcfb20ca369186ac40ed5c6e891ca\" style=\"color:#a40a34\">Weitere Extras<\/h2>\n<\/div>\n\n\n\n<div class=\"wp-block-column is-layout-flow wp-block-column-is-layout-flow\">\n<div class=\"wp-block-group is-layout-flow wp-container-core-group-is-layout-8a368f38 wp-block-group-is-layout-flow\">\n<div class=\"wp-block-group alignwide is-layout-flow wp-block-group-is-layout-flow\" style=\"border-bottom-width:1px;padding-top:24px;padding-bottom:24px\">\n<div class=\"wp-block-group is-content-justification-space-between is-nowrap is-layout-flex wp-container-core-group-is-layout-1761d1ea wp-block-group-is-layout-flex\" style=\"border-bottom-width:1px;padding-top:0px;padding-bottom:24px\">\n<h4 class=\"wp-block-heading is-menu-item-name has-text-color has-link-color wp-elements-9c3964332780fa90aa9b383cb7f7bc8e\" style=\"color:#a40a34\">N\u00e4gel feilen<\/h4>\n\n\n\n<p>15 Euro<\/p>\n<\/div>\n\n\n\n<div class=\"wp-block-group is-content-justification-space-between is-layout-flex wp-container-core-group-is-layout-d8ae54b7 wp-block-group-is-layout-flex\" style=\"border-bottom-width:1px;padding-top:0px;padding-bottom:24px\">\n<h4 class=\"wp-block-heading is-menu-item-name has-text-color has-link-color wp-elements-2c49a3fe22a11c41c5987f49de181de8\" style=\"color:#a40a34\">N\u00e4gel lackieren<\/h4>\n\n\n\n<p class=\"is-menu-item-price\">12&nbsp;Euro<\/p>\n<\/div>\n\n\n\n<div class=\"wp-block-group is-content-justification-space-between is-layout-flex wp-container-core-group-is-layout-ceead2e9 wp-block-group-is-layout-flex\">\n<h4 class=\"wp-block-heading is-menu-item-name has-text-color has-link-color wp-elements-356be3279a2025ea031005681ecf9dcb\" style=\"color:#a40a34\">N\u00e4gel lackieren mit Shellack<\/h4>\n\n\n\n<p class=\"is-menu-item-price\">32 Euro<\/p>\n<\/div>\n<\/div>\n\n\n\n<div class=\"wp-block-group alignwide is-layout-flow wp-block-group-is-layout-flow\" style=\"border-bottom-width:1px;padding-top:24px;padding-bottom:24px\">\n<div class=\"wp-block-group is-content-justification-space-between is-layout-flex wp-container-core-group-is-layout-ceead2e9 wp-block-group-is-layout-flex\">\n<h4 class=\"wp-block-heading is-menu-item-name has-text-color has-link-color wp-elements-da0bf8f2f0d1c2383b4776047fddb266\" style=\"color:#a40a34\">Paraffin Packung<\/h4>\n\n\n\n<p class=\"is-menu-item-price\">18 Euro<\/p>\n<\/div>\n<\/div>\n\n\n\n<div class=\"wp-block-group alignwide is-layout-flow wp-block-group-is-layout-flow\" style=\"border-bottom-style:none;border-bottom-width:0px;padding-top:24px;padding-bottom:24px\">\n<div class=\"wp-block-group is-content-justification-space-between is-layout-flex wp-container-core-group-is-layout-ceead2e9 wp-block-group-is-layout-flex\">\n<h4 class=\"wp-block-heading is-menu-item-name has-text-color has-link-color wp-elements-c3ad8e7dcb6d8afaa38449b0008275dc\" style=\"color:#a40a34\">Handpackung\/Maske<\/h4>\n\n\n\n<p class=\"is-menu-item-price\">16 Euro<\/p>\n<\/div>\n<\/div>\n<\/div>\n<\/div>\n<\/div>\n<\/div>\n<\/div>\n\n\n\n<div class=\"wp-block-group alignfull is-style-section-1 has-global-padding is-content-justification-center is-layout-constrained wp-container-core-group-is-layout-df757ecc wp-block-group-is-layout-constrained is-style-section-1--3\" style=\"margin-top:0;margin-bottom:0;padding-top:calc( 0.5 * var(--wp--style--root--padding-right, var(--wp--custom--gap--horizontal)));padding-right:var(--wp--style--root--padding-right, var(--wp--custom--gap--horizontal));padding-bottom:calc( 0.5 * var(--wp--style--root--padding-right, var(--wp--custom--gap--horizontal)));padding-left:var(--wp--style--root--padding-left, var(--wp--custom--gap--horizontal))\">\n<div style=\"height:calc( 0.25 * var(--wp--style--root--padding-right, var(--wp--custom--gap--horizontal)))\" aria-hidden=\"true\" class=\"wp-block-spacer\"><\/div>\n\n\n\n<div class=\"wp-block-columns alignwide are-vertically-aligned-center is-layout-flex wp-container-core-columns-is-layout-28f84493 wp-block-columns-is-layout-flex\">\n<div class=\"wp-block-column is-vertically-aligned-center has-global-padding is-content-justification-left is-layout-constrained wp-container-core-column-is-layout-32f87287 wp-block-column-is-layout-constrained\" style=\"padding-top:0;padding-bottom:0;flex-basis:60%\">\n<h2 class=\"wp-block-heading has-text-align-left has-text-color has-link-color wp-elements-0dff4d3ae756a04c50e0538d419d014d\" style=\"color:#a40a34\">Mein Tipp &#8211; Sonnenschutz f\u00fcr die H\u00e4nde nicht vergessen!<\/h2>\n\n\n\n<div style=\"height:100px\" aria-hidden=\"true\" class=\"wp-block-spacer\"><\/div>\n\n\n\n<p>Unsere H\u00e4nde sind t\u00e4glich der Sonne ausgesetzt \u2013 und doch denken viele nicht daran, sie zu sch\u00fctzen. <strong>Tragen Sie Sonnencreme auch auf den Handr\u00fccken auf<\/strong>, um <strong>Altersflecken und Sonnensch\u00e4den vorzubeugen<\/strong>. So bleiben Ihre H\u00e4nde l\u00e4nger jugendlich und gepflegt!<\/p>\n<\/div>\n\n\n\n<div class=\"wp-block-column is-vertically-aligned-center is-layout-flow wp-container-core-column-is-layout-e3d1c41b wp-block-column-is-layout-flow\" style=\"flex-basis:40%\">\n<figure class=\"wp-block-image size-large\"><img loading=\"lazy\" decoding=\"async\" width=\"3972\" height=\"3973\" src=\"https:\/\/www.kosmetik-almut.at\/wp-content\/uploads\/2025\/03\/testing-beauty-cream-product-back-hand-edited.jpg\" alt=\"\" class=\"wp-image-152\" \/><\/figure>\n<\/div>\n<\/div>\n\n\n\n<div style=\"height:calc( 0.25 * var(--wp--style--root--padding-right, var(--wp--custom--gap--horizontal)))\" aria-hidden=\"true\" class=\"wp-block-spacer\"><\/div>\n<\/div>\n","protected":false},"excerpt":{"rendered":"<p>H\u00e4nde und F\u00fc\u00dfe \u2013 Perfekte Pflege f\u00fcr ein gepflegtes Erscheinungsbild \u201eZeigt her eure F\u00fc\u00dfe, zeigt her eure Schuh\u2026\u201c \u2013 dieses bekannte Kinderlied erinnert uns daran, wie wichtig gepflegte F\u00fc\u00dfe sind. Doch nicht nur im Sommer, wenn Sandalen und offene Schuhe zum Hingucker werden, verdienen unsere F\u00fc\u00dfe Aufmerksamkeit. Auch unsere H\u00e4nde sind t\u00e4glich im Einsatz \u2013 [&hellip;]<\/p>\n","protected":false},"author":130702925,"featured_media":0,"parent":0,"menu_order":0,"comment_status":"closed","ping_status":"closed","template":"","meta":{"footnotes":""},"class_list":["post-129","page","type-page","status-publish","hentry"],"_links":{"self":[{"href":"https:\/\/www.kosmetik-almut.at\/index.php?rest_route=\/wp\/v2\/pages\/129","targetHints":{"allow":["GET"]}}],"collection":[{"href":"https:\/\/www.kosmetik-almut.at\/index.php?rest_route=\/wp\/v2\/pages"}],"about":[{"href":"https:\/\/www.kosmetik-almut.at\/index.php?rest_route=\/wp\/v2\/types\/page"}],"author":[{"embeddable":true,"href":"https:\/\/www.kosmetik-almut.at\/index.php?rest_route=\/wp\/v2\/users\/130702925"}],"replies":[{"embeddable":true,"href":"https:\/\/www.kosmetik-almut.at\/index.php?rest_route=%2Fwp%2Fv2%2Fcomments&post=129"}],"version-history":[{"count":25,"href":"https:\/\/www.kosmetik-almut.at\/index.php?rest_route=\/wp\/v2\/pages\/129\/revisions"}],"predecessor-version":[{"id":339,"href":"https:\/\/www.kosmetik-almut.at\/index.php?rest_route=\/wp\/v2\/pages\/129\/revisions\/339"}],"wp:attachment":[{"href":"https:\/\/www.kosmetik-almut.at\/index.php?rest_route=%2Fwp%2Fv2%2Fmedia&parent=129"}],"curies":[{"name":"wp","href":"https:\/\/api.w.org\/{rel}","templated":true}]}}