{"id":31,"date":"2025-03-01T17:23:44","date_gmt":"2025-03-01T16:23:44","guid":{"rendered":"https:\/\/www.kosmetik-almut.at\/?page_id=31"},"modified":"2025-06-18T23:06:18","modified_gmt":"2025-06-18T21:06:18","slug":"strahlendehaut","status":"publish","type":"page","link":"https:\/\/www.kosmetik-almut.at\/?page_id=31","title":{"rendered":"Strahlende Haut"},"content":{"rendered":"\n<div class=\"wp-block-group alignfull has-global-padding is-content-justification-center is-layout-constrained wp-block-group-is-layout-constrained\" style=\"margin-top:0;margin-bottom:0;padding-top:var(--wp--preset--spacing--40);padding-bottom:var(--wp--preset--spacing--40)\">\n<div class=\"wp-block-columns alignwide is-layout-flex wp-container-core-columns-is-layout-28f84493 wp-block-columns-is-layout-flex\">\n<div class=\"wp-block-column is-vertically-aligned-top has-global-padding is-content-justification-left is-layout-constrained wp-container-core-column-is-layout-f3298e88 wp-block-column-is-layout-constrained\">\n<h2 class=\"wp-block-heading has-text-color has-link-color wp-elements-3d4bc0b4b3ac68cb642173c9053ff48e\" style=\"color:#a40a34\">Facials \u2013 Sch\u00f6nheit beginnt mit gesunder Haut<\/h2>\n\n\n\n<p>G\u00f6nnen Sie Ihrer Haut eine professionelle Pflege in entspannter Atmosph\u00e4re. Unsere Gesichtsbehandlungen sind auf Ihre individuellen Bed\u00fcrfnisse abgestimmt. Wir arbeiten mit hochwertigen Produkten und neuesten Techniken, die Ihre Haut verw\u00f6hnen und f\u00fcr strahlende Ergebnisse sorgen.<\/p>\n\n\n\n<p><strong>Entdecken Sie unsere Behandlungen und finden Sie die perfekte Pflege f\u00fcr Ihre Haut!<\/strong><\/p>\n\n\n\n<div class=\"wp-block-buttons is-layout-flex wp-block-buttons-is-layout-flex\">\n<div class=\"wp-block-button\"><a class=\"wp-block-button__link has-background wp-element-button\" href=\"https:\/\/www.kosmetik-almut.at\/kontakt\/\" style=\"background-color:#a40a34\">Jetzt Termin vereinbaren<\/a><\/div>\n<\/div>\n<\/div>\n\n\n\n<div class=\"wp-block-column is-vertically-aligned-center is-layout-flow wp-block-column-is-layout-flow\">\n<figure class=\"wp-block-image size-full\"><img loading=\"lazy\" decoding=\"async\" width=\"10004\" height=\"15006\" src=\"https:\/\/www.kosmetik-almut.at\/wp-content\/uploads\/2025\/04\/babor-model-madita-o.jpg\" alt=\"\" class=\"wp-image-290\" style=\"aspect-ratio:1;object-fit:cover\" \/><\/figure>\n<\/div>\n<\/div>\n<\/div>\n\n\n\n<div class=\"wp-block-group alignfull is-style-section-1 has-global-padding is-content-justification-center is-layout-constrained wp-container-core-group-is-layout-b82d3f36 wp-block-group-is-layout-constrained is-style-section-1--1\" style=\"margin-top:0;margin-bottom:0;padding-top:var(--wp--preset--spacing--40);padding-bottom:var(--wp--preset--spacing--40)\">\n<div class=\"wp-block-columns alignwide is-layout-flex wp-container-core-columns-is-layout-3971d7d7 wp-block-columns-is-layout-flex\">\n<div class=\"wp-block-column is-layout-flow wp-container-core-column-is-layout-8a368f38 wp-block-column-is-layout-flow\">\n<div class=\"wp-block-group is-vertical is-nowrap is-layout-flex wp-container-core-group-is-layout-5acb760c wp-block-group-is-layout-flex\">\n<div class=\"wp-block-group is-vertical is-nowrap is-layout-flex wp-container-core-group-is-layout-9bc6ff26 wp-block-group-is-layout-flex\">\n<h3 class=\"wp-block-heading has-text-color has-link-color wp-elements-389e00bd22cdf3a8db705a497a8652bc\" style=\"color:#a40a34\">Grundbehandlung<\/h3>\n\n\n\n<p style=\"font-size:clamp(14px, 0.875rem + ((1vw - 3.2px) * 0.536), 20px);\">65 Euro, 50 Minuten<\/p>\n\n\n\n<p>Unsere Grundbehandlung nach Hauttyp sorgt f\u00fcr ein frisches, strahlendes Hautbild. Nach einer gr\u00fcndlichen Reinigung und einem Peeling werden Unreinheiten sanft entfernt. Eine entspannende Gesichtsmassage regt die Durchblutun g an, w\u00e4hrend eine <strong>pflegende Maske<\/strong> die Haut mit Feuchtigkeit und N\u00e4hrstoffen versorgt. Die <strong>Abschlusspflege<\/strong> rundet die Behandlung perfekt klab.<\/p>\n\n\n\n<p class=\"has-text-color has-link-color wp-elements-2c85d23a7c19006ed01d513f111d97be\" style=\"color:#a40a34\">Alle folgenden Behandlungen basieren auf der Grundbehandlung und beinhalten zus\u00e4tzlich die Pflege von Hals und Dekollet\u00e9. <\/p>\n<\/div>\n<\/div>\n<\/div>\n\n\n\n<div class=\"wp-block-column is-layout-flow wp-container-core-column-is-layout-8a368f38 wp-block-column-is-layout-flow\">\n<div class=\"wp-block-group is-vertical is-layout-flex wp-container-core-group-is-layout-c35747d5 wp-block-group-is-layout-flex\">\n<div class=\"wp-block-group is-vertical is-nowrap is-layout-flex wp-container-core-group-is-layout-9bc6ff26 wp-block-group-is-layout-flex\">\n<h3 class=\"wp-block-heading has-text-color has-link-color wp-elements-6b2a76a868d9de20e87c98796d8f7900\" style=\"color:#a40a34\">Klassisch <\/h3>\n\n\n\n<p style=\"font-size:clamp(14px, 0.875rem + ((1vw - 3.2px) * 0.536), 20px);\">75 Euro, 55 Minuten<\/p>\n\n\n\n<p>Unsere <strong>klassische Gesichtsbehandlung<\/strong> nach Hauttyp basiert auf der bew\u00e4hrten Grundbehandlung und wird durch ein hochwirksames <strong>Wirkstoffkonzentrat oder eine Ampulle<\/strong> erg\u00e4nzt. Diese intensive Pflege versorgt die Haut mit wertvollen N\u00e4hrstoffen, f\u00f6rdert die Regeneration und verleiht ihr einen frischen, strahlenden Teint.<\/p>\n<\/div>\n<\/div>\n<\/div>\n\n\n\n<div class=\"wp-block-column is-layout-flow wp-container-core-column-is-layout-8a368f38 wp-block-column-is-layout-flow\">\n<div class=\"wp-block-group is-vertical is-layout-flex wp-container-core-group-is-layout-c35747d5 wp-block-group-is-layout-flex\">\n<div class=\"wp-block-group is-vertical is-nowrap is-layout-flex wp-container-core-group-is-layout-9bc6ff26 wp-block-group-is-layout-flex\">\n<h3 class=\"wp-block-heading has-text-color has-link-color wp-elements-9be440a4a9a357cf62f4e0f59329bc66\" style=\"color:#a40a34\">Thalasso<\/h3>\n\n\n\n<p style=\"font-size:clamp(14px, 0.875rem + ((1vw - 3.2px) * 0.536), 20px);\">82 Euro, 1 Stunde<\/p>\n\n\n\n<p>Unsere <strong>Thalasso-Spezialbehandlung<\/strong> sorgt f\u00fcr eine glatte, pralle und intensiv mit Feuchtigkeit versorgte Haut. Dank der Kraft von <strong>Meeres-Extrakten, Algisium und Algenextrakt<\/strong> in Kombination mit <strong>drei verschiedenen Hyalurons\u00e4uren<\/strong> wird die Haut tiefenbefeuchtet und erh\u00e4lt neue Spannkraft. Die mineralstoffreiche, leicht k\u00fchlende Formel revitalisiert und erfrischt \u2013 f\u00fcr einen strahlenden, jugendlichen Teint.<\/p>\n<\/div>\n<\/div>\n<\/div>\n<\/div>\n<\/div>\n\n\n\n<div class=\"wp-block-group alignfull is-style-section-1 has-global-padding is-content-justification-center is-layout-constrained wp-container-core-group-is-layout-b82d3f36 wp-block-group-is-layout-constrained is-style-section-1--2\" style=\"margin-top:0;margin-bottom:0;padding-top:var(--wp--preset--spacing--40);padding-bottom:var(--wp--preset--spacing--40)\">\n<div class=\"wp-block-columns alignwide is-layout-flex wp-container-core-columns-is-layout-3971d7d7 wp-block-columns-is-layout-flex\">\n<div class=\"wp-block-column is-layout-flow wp-container-core-column-is-layout-8a368f38 wp-block-column-is-layout-flow\">\n<div class=\"wp-block-group is-vertical is-nowrap is-layout-flex wp-container-core-group-is-layout-5acb760c wp-block-group-is-layout-flex\">\n<div class=\"wp-block-group is-vertical is-nowrap is-layout-flex wp-container-core-group-is-layout-9bc6ff26 wp-block-group-is-layout-flex\">\n<h3 class=\"wp-block-heading has-text-color has-link-color wp-elements-a32552e309e3d8573659c6ed93cbb9f5\" style=\"color:#a40a34\">Fruchts\u00e4ure anti age intensiv<\/h3>\n\n\n\n<p style=\"font-size:clamp(14px, 0.875rem + ((1vw - 3.2px) * 0.536), 20px);\">135 Euro, 1 Stunde 15 Minuten<\/p>\n\n\n\n<p>Die <strong>Fruchts\u00e4ure Anti-Age Intensiv Behandlung<\/strong> ist eine hochwirksame Pflege gegen <strong>Falten und feine Linien<\/strong>. Sie f\u00f6rdert die <strong>Zellerneuerung<\/strong>, strafft die Haut intensiv und verleiht ihr neue Elastizit\u00e4t. Durch die Kombination aus <strong>Ampulle, Ultraschall, Photon-Therapie und einer beruhigenden Maske<\/strong> werden die sichtbaren Zeichen der Hautalterung effektiv reduziert. Das Ergebnis: <strong>ein feines, ebenm\u00e4\u00dfiges und jugendlich strahlendes Hautbild<\/strong>.<\/p>\n\n\n\n<p>Empfohlen: 3 Behandlungen im Abstand von je 2 Wochen<\/p>\n<\/div>\n<\/div>\n<\/div>\n\n\n\n<div class=\"wp-block-column is-layout-flow wp-container-core-column-is-layout-8a368f38 wp-block-column-is-layout-flow\">\n<div class=\"wp-block-group is-vertical is-layout-flex wp-container-core-group-is-layout-c35747d5 wp-block-group-is-layout-flex\">\n<div class=\"wp-block-group is-vertical is-nowrap is-layout-flex wp-container-core-group-is-layout-9bc6ff26 wp-block-group-is-layout-flex\">\n<h3 class=\"wp-block-heading has-text-color has-link-color wp-elements-c38d9413ae9d2b1dca87925c3b6bfce6\" style=\"color:#a40a34\">Collagen &amp; Vitamin C <\/h3>\n\n\n\n<p style=\"font-size:clamp(14px, 0.875rem + ((1vw - 3.2px) * 0.536), 20px);\">110 Euro, 1 Stunde 15 Minuten<\/p>\n\n\n\n<p>Die <strong>Collagen &amp; Vitamin C Behandlung<\/strong> st\u00e4rkt die Hautstruktur, regt die <strong>k\u00f6rpereigene Collagenbildung<\/strong> an und wirkt gezielt gegen feine Linien und F\u00e4ltchen. Dank der kraftvollen Kombination aus <strong>straffenden Wirkstoffen und antioxidativem Vitamin C<\/strong> erh\u00e4lt die Haut neue Spannkraft und ein frisches, jugendliches Strahlen.<\/p>\n<\/div>\n<\/div>\n<\/div>\n\n\n\n<div class=\"wp-block-column is-layout-flow wp-container-core-column-is-layout-8a368f38 wp-block-column-is-layout-flow\">\n<div class=\"wp-block-group is-vertical is-layout-flex wp-container-core-group-is-layout-c35747d5 wp-block-group-is-layout-flex\">\n<div class=\"wp-block-group is-vertical is-nowrap is-layout-flex wp-container-core-group-is-layout-9bc6ff26 wp-block-group-is-layout-flex\">\n<h3 class=\"wp-block-heading has-text-color has-link-color wp-elements-056e469d82994b633865a4b6fd00a3a2\" style=\"color:#a40a34\">Fruchts\u00e4ure &#8211; Clear Skin<\/h3>\n\n\n\n<p style=\"font-size:clamp(14px, 0.875rem + ((1vw - 3.2px) * 0.536), 20px);\">80 Euro, 1 Stunde<\/p>\n\n\n\n<p>Die <strong>Fruchts\u00e4urebehandlung<\/strong> ist eine intensive <strong>Tiefenreinigung<\/strong>, die die Haut sanft erneuert und verfeinert. Sie wirkt gezielt gegen <strong>gro\u00dfe Poren, Narben, Unreinheiten und Akne<\/strong>, indem sie eine oberste Hautschicht abl\u00f6st und die Regeneration ankurbelt. Die Fruchts\u00e4ure dringt tief in die Haut ein, verbessert das Hautbild und sorgt f\u00fcr einen ebenm\u00e4\u00dfigen, frischen Teint.<\/p>\n\n\n\n<p>Empfohlen: 3 Behandlungen im Abstand von je 2 Wochen<\/p>\n<\/div>\n<\/div>\n<\/div>\n<\/div>\n<\/div>\n\n\n\n<div class=\"wp-block-group alignfull is-style-section-1 has-global-padding is-content-justification-center is-layout-constrained wp-container-core-group-is-layout-b82d3f36 wp-block-group-is-layout-constrained is-style-section-1--3\" style=\"margin-top:0;margin-bottom:0;padding-top:var(--wp--preset--spacing--40);padding-bottom:var(--wp--preset--spacing--40)\">\n<div class=\"wp-block-columns alignwide is-layout-flex wp-container-core-columns-is-layout-3971d7d7 wp-block-columns-is-layout-flex\">\n<div class=\"wp-block-column is-layout-flow wp-container-core-column-is-layout-8a368f38 wp-block-column-is-layout-flow\">\n<div class=\"wp-block-group is-vertical is-nowrap is-layout-flex wp-container-core-group-is-layout-5acb760c wp-block-group-is-layout-flex\">\n<div class=\"wp-block-group is-vertical is-nowrap is-layout-flex wp-container-core-group-is-layout-9bc6ff26 wp-block-group-is-layout-flex\">\n<h3 class=\"wp-block-heading has-text-color has-link-color wp-elements-de0a75b7107e044863419708f3ff25ce\" style=\"color:#a40a34\">Algin mask Anti Age<\/h3>\n\n\n\n<p style=\"font-size:clamp(14px, 0.875rem + ((1vw - 3.2px) * 0.536), 20px);\">125 Euro, 1 Stunde 15 Minuten<\/p>\n\n\n\n<p class=\"has-theme-5-color has-text-color has-link-color wp-elements-616614bbd2cc4eade3b97f6fa0211b33\">Die Algin Vlies Maske ist eine hochwirksame Spezialbehandlung f\u00fcr erschlaffte, konturlose Hautpartien. Ein konzentrierter Wirkstoffkomplex aus marinen Mineralien und Braunalgenextrakt sorgt f\u00fcr eine sichtbare Anhebung der Gesichtskonturen und eine deutliche Reduktion feiner F\u00e4ltchen. Die Maske wirkt intensiv aufpolsternd, gl\u00e4ttend und durchfeuchtend \u2013 ideal f\u00fcr Problemzonen wie Wangen, Kinn, Stirn und Halsbereich. Das Ergebnis ist ein sofort sp\u00fcrbarer Lifting-Effekt und ein erfrischtes, vitalisiertes Hautbild.<\/p>\n<\/div>\n<\/div>\n<\/div>\n\n\n\n<div class=\"wp-block-column is-layout-flow wp-container-core-column-is-layout-8a368f38 wp-block-column-is-layout-flow\">\n<div class=\"wp-block-group is-vertical is-layout-flex wp-container-core-group-is-layout-c35747d5 wp-block-group-is-layout-flex\">\n<div class=\"wp-block-group is-vertical is-nowrap is-layout-flex wp-container-core-group-is-layout-9bc6ff26 wp-block-group-is-layout-flex\">\n<h3 class=\"wp-block-heading has-text-color has-link-color wp-elements-6ac642cc08036963f7071abf07dc0ad0\" style=\"color:#a40a34\">Ausreinigungs-behandlung<\/h3>\n\n\n\n<p style=\"font-size:clamp(14px, 0.875rem + ((1vw - 3.2px) * 0.536), 20px);\">69 Euro, 1 Stunde<\/p>\n\n\n\n<p>Die <strong>Tiefenreinigungsbehandlung<\/strong> ist speziell f\u00fcr <strong>unreine Haut und Akne<\/strong> entwickelt. Durch eine gr\u00fcndliche Tiefenreinigung wird die Haut gekl\u00e4rt und das Hautbild sichtbar verbessert. Es werden Unreinheiten wie Pickel, Mitesset usw. entfernt. Ideal f\u00fcr eine reine, frische und ausgeglichene Haut.<\/p>\n<\/div>\n<\/div>\n<\/div>\n\n\n\n<div class=\"wp-block-column is-layout-flow wp-container-core-column-is-layout-8a368f38 wp-block-column-is-layout-flow\">\n<div class=\"wp-block-group is-vertical is-layout-flex wp-container-core-group-is-layout-c35747d5 wp-block-group-is-layout-flex\">\n<div class=\"wp-block-group is-vertical is-nowrap is-layout-flex wp-container-core-group-is-layout-9bc6ff26 wp-block-group-is-layout-flex\">\n<h3 class=\"wp-block-heading has-text-color has-link-color wp-elements-6cdc88ff7d46f49c619a093cd485921f\" style=\"color:#a40a34\">Hydro lipid lifting<\/h3>\n\n\n\n<p style=\"font-size:clamp(14px, 0.875rem + ((1vw - 3.2px) * 0.536), 20px);\">115 Euro, 1 Stunde 15 Minuten<\/p>\n\n\n\n<p>Die <strong>Hydro Lipid Lifting Behandlung<\/strong> ist speziell f\u00fcr <strong>anspruchsvolle Haut<\/strong>, die intensive Pflege und Straffung ben\u00f6tigt. Hochwertige <strong>n\u00e4hrende Wirkstoffe<\/strong> versorgen die Haut mit Feuchtigkeit, gl\u00e4tten feine Linien und verbessern die Elastizit\u00e4t. Diese Behandlung wirkt gezielt den <strong>Zeichen der Hautalterung<\/strong> entgegen und hinterl\u00e4sst die Haut sp\u00fcrbar straffer und geschmeidiger.<\/p>\n<\/div>\n<\/div>\n<\/div>\n<\/div>\n<\/div>\n\n\n\n<div class=\"wp-block-group alignfull is-style-section-1 has-global-padding is-content-justification-center is-layout-constrained wp-container-core-group-is-layout-b82d3f36 wp-block-group-is-layout-constrained is-style-section-1--4\" style=\"margin-top:0;margin-bottom:0;padding-top:var(--wp--preset--spacing--40);padding-bottom:var(--wp--preset--spacing--40)\">\n<div class=\"wp-block-columns alignwide is-layout-flex wp-container-core-columns-is-layout-3971d7d7 wp-block-columns-is-layout-flex\">\n<div class=\"wp-block-column is-layout-flow wp-container-core-column-is-layout-8a368f38 wp-block-column-is-layout-flow\">\n<div class=\"wp-block-group is-vertical is-nowrap is-layout-flex wp-container-core-group-is-layout-5acb760c wp-block-group-is-layout-flex\">\n<div class=\"wp-block-group is-vertical is-nowrap is-layout-flex wp-container-core-group-is-layout-9bc6ff26 wp-block-group-is-layout-flex\">\n<h3 class=\"wp-block-heading has-text-color has-link-color wp-elements-95bcf7c8ea195ea7f07c978c13c0f207\" style=\"color:#a40a34\">Modellage anti age<\/h3>\n\n\n\n<p style=\"font-size:clamp(14px, 0.875rem + ((1vw - 3.2px) * 0.536), 20px);\">149 Euro, 1 Stunde 20 Minuten<\/p>\n\n\n\n<p>Diese luxuri\u00f6se Modellage-Behandlung kombiniert die aufhellende Wirkung von Vitamin C mit der intensiv hydratisierenden Kraft von Kiwi-Extrakt. Die Haut wird sp\u00fcrbar belebt, der Teint erh\u00e4lt neue Strahlkraft und wirkt sichtbar frischer. Die Maske unterst\u00fctzt die Regeneration, gleicht den pH-Wert aus und verfeinert das Hautbild. Ideal f\u00fcr trockene, fahle oder m\u00fcde Haut \u2013 f\u00fcr ein vitales, ebenm\u00e4\u00dfiges Erscheinungsbild mit Soforteffekt.<\/p>\n<\/div>\n<\/div>\n<\/div>\n\n\n\n<div class=\"wp-block-column is-layout-flow wp-container-core-column-is-layout-8a368f38 wp-block-column-is-layout-flow\">\n<div class=\"wp-block-group is-vertical is-layout-flex wp-container-core-group-is-layout-c35747d5 wp-block-group-is-layout-flex\">\n<div class=\"wp-block-group is-vertical is-nowrap is-layout-flex wp-container-core-group-is-layout-9bc6ff26 wp-block-group-is-layout-flex\">\n<h3 class=\"wp-block-heading has-text-color has-link-color wp-elements-c8c7c4a117f1e4b26302b43449e38cc4\" style=\"color:#a40a34\"><\/h3>\n<\/div>\n<\/div>\n<\/div>\n\n\n\n<div class=\"wp-block-column is-layout-flow wp-container-core-column-is-layout-8a368f38 wp-block-column-is-layout-flow\">\n<div class=\"wp-block-group is-vertical is-layout-flex wp-container-core-group-is-layout-c35747d5 wp-block-group-is-layout-flex\">\n<div class=\"wp-block-group is-vertical is-nowrap is-layout-flex wp-container-core-group-is-layout-9bc6ff26 wp-block-group-is-layout-flex\">\n<h3 class=\"wp-block-heading has-text-color has-link-color wp-elements-c8c7c4a117f1e4b26302b43449e38cc4\" style=\"color:#a40a34\"><\/h3>\n<\/div>\n<\/div>\n<\/div>\n<\/div>\n<\/div>\n\n\n\n<div class=\"wp-block-group alignfull has-global-padding is-content-justification-center is-layout-constrained wp-block-group-is-layout-constrained\" style=\"margin-top:0;margin-bottom:0;padding-top:var(--wp--preset--spacing--40);padding-bottom:var(--wp--preset--spacing--40)\">\n<div class=\"wp-block-columns alignwide are-vertically-aligned-center is-layout-flex wp-container-core-columns-is-layout-28f84493 wp-block-columns-is-layout-flex\">\n<div class=\"wp-block-column is-vertically-aligned-center is-layout-flow wp-block-column-is-layout-flow\">\n<h2 class=\"wp-block-heading has-text-color has-link-color wp-elements-02df0ddca9496058db40197bb4924938\" style=\"color:#a40a34\">All-in-One<\/h2>\n\n\n\n<p>214 Euro, 160 Minuten<\/p>\n\n\n\n<p class=\"is-service-description\">G\u00f6nnen Sie sich unser <strong>All-in-One Paket<\/strong>, die ultimative Verw\u00f6hnbehandlung f\u00fcr Gesicht, H\u00e4nde und F\u00fc\u00dfe! Es kombiniert eine <strong>individuelle Gesichtsbehandlung<\/strong>, abgestimmt auf Ihren Hauttyp, mit <strong>Ultraschall, Photon-Therapie, einer hochwirksamen Ampulle und einer entspannenden Massage<\/strong>. Erg\u00e4nzt wird das Beauty-Erlebnis durch eine <strong>professionelle Manik\u00fcre mit Handpackung sowie eine wohltuende Fu\u00dfpflege<\/strong> \u2013 f\u00fcr ein rundum gepflegtes und erfrischtes Gef\u00fchl.<\/p>\n<\/div>\n<\/div>\n<\/div>\n\n\n\n<div class=\"wp-block-group alignfull is-style-section-1 has-global-padding is-content-justification-center is-layout-constrained wp-block-group-is-layout-constrained is-style-section-1--5\" style=\"margin-top:0;margin-bottom:0;padding-top:var(--wp--preset--spacing--40);padding-bottom:var(--wp--preset--spacing--40)\">\n<div class=\"wp-block-columns alignwide are-vertically-aligned-center is-layout-flex wp-container-core-columns-is-layout-28f84493 wp-block-columns-is-layout-flex\">\n<div class=\"wp-block-column is-vertically-aligned-center has-global-padding is-content-justification-left is-layout-constrained wp-container-core-column-is-layout-f3298e88 wp-block-column-is-layout-constrained\">\n<h2 class=\"wp-block-heading has-text-color has-link-color wp-elements-7bdfd9bd5e508be8aa47b743a4ab92e6\" style=\"color:#a40a34\">Hals- &amp; Dekollet\u00e9<\/h2>\n\n\n\n<p>Der Hals und das Dekollet\u00e9 sind besonders empfindliche Hautpartien, die oft vernachl\u00e4ssigt werden, aber ebenso viel Aufmerksamkeit verdienen. Die <strong>straffende Hals- &amp; Dekollet\u00e9-Behandlung<\/strong> versorgt die empfindliche Haut mit <strong>hochwirksamen Pflegestoffen<\/strong>, f\u00f6rdert die Elastizit\u00e4t und gl\u00e4ttet feine Linien. Eine <strong>sanfte Halsmassage<\/strong> regt die Durchblutung an, w\u00e4hrend eine <strong>pflegende Maske<\/strong> f\u00fcr zus\u00e4tzliche Straffung und Feuchtigkeit sorgt. F\u00fcr ein jugendlich frisches und gestrafftes Hautbild.<\/p>\n\n\n\n<p>55 Euro<\/p>\n<\/div>\n\n\n\n<div class=\"wp-block-column is-vertically-aligned-center is-layout-flow wp-block-column-is-layout-flow\">\n<figure class=\"wp-block-image size-full\"><img loading=\"lazy\" decoding=\"async\" width=\"5009\" height=\"4214\" src=\"https:\/\/www.kosmetik-almut.at\/wp-content\/uploads\/2025\/04\/babor-the-expert-met.jpg\" alt=\"\" class=\"wp-image-292\" style=\"aspect-ratio:1;object-fit:cover\" \/><\/figure>\n<\/div>\n<\/div>\n<\/div>\n\n\n\n<div class=\"wp-block-group alignfull is-style-default has-global-padding is-content-justification-center is-layout-constrained wp-container-core-group-is-layout-ad781b73 wp-block-group-is-layout-constrained\" style=\"margin-top:0;margin-bottom:0;padding-top:var(--wp--preset--spacing--50);padding-bottom:var(--wp--preset--spacing--50)\">\n<div class=\"wp-block-group alignwide is-layout-flow wp-block-group-is-layout-flow\">\n<div class=\"wp-block-columns alignwide is-layout-flex wp-container-core-columns-is-layout-c6809a2b wp-block-columns-is-layout-flex\">\n<div class=\"wp-block-column is-layout-flow wp-block-column-is-layout-flow\" style=\"padding-top:24px;padding-bottom:24px\">\n<h2 class=\"wp-block-heading has-text-align-left has-text-color has-link-color wp-elements-ffb2e84f64ed29c40cf3d31fc1f9e310\" style=\"color:#a40a34\">Extras in behandlung<\/h2>\n<\/div>\n\n\n\n<div class=\"wp-block-column is-layout-flow wp-block-column-is-layout-flow\">\n<div class=\"wp-block-group is-layout-flow wp-container-core-group-is-layout-8a368f38 wp-block-group-is-layout-flow\">\n<div class=\"wp-block-group alignwide is-layout-flow wp-block-group-is-layout-flow\" style=\"border-bottom-width:1px;padding-top:24px;padding-bottom:24px\">\n<div class=\"wp-block-group is-content-justification-space-between is-layout-flex wp-container-core-group-is-layout-ceead2e9 wp-block-group-is-layout-flex\">\n<h4 class=\"wp-block-heading is-menu-item-name has-text-color has-link-color wp-elements-23f4e04ffe357b08e3ecb9515448ac74\" style=\"color:#a40a34\">Brauen f\u00e4rben<\/h4>\n\n\n\n<p class=\"is-menu-item-price\">11 Euro<\/p>\n<\/div>\n<\/div>\n\n\n\n<div class=\"wp-block-group alignwide is-layout-flow wp-block-group-is-layout-flow\" style=\"border-bottom-width:1px;padding-top:24px;padding-bottom:24px\">\n<div class=\"wp-block-group is-content-justification-space-between is-layout-flex wp-container-core-group-is-layout-ceead2e9 wp-block-group-is-layout-flex\">\n<h4 class=\"wp-block-heading is-menu-item-name has-text-color has-link-color wp-elements-bd1c9a4379bcae83ac376e375fbdf945\" style=\"color:#a40a34\">Brauen faconieren<\/h4>\n\n\n\n<p class=\"is-menu-item-price\">11&nbsp;Euro<\/p>\n<\/div>\n<\/div>\n\n\n\n<div class=\"wp-block-group alignwide is-layout-flow wp-block-group-is-layout-flow\" style=\"border-bottom-width:1px;padding-top:24px;padding-bottom:24px\">\n<div class=\"wp-block-group is-content-justification-space-between is-layout-flex wp-container-core-group-is-layout-ceead2e9 wp-block-group-is-layout-flex\">\n<h4 class=\"wp-block-heading is-menu-item-name has-text-color has-link-color wp-elements-a499b9aafd5b8cc5c3c7dd1c79158bfc\" style=\"color:#a40a34\">Wimpern f\u00e4rben<\/h4>\n\n\n\n<p class=\"is-menu-item-price\">16 Euro<\/p>\n<\/div>\n<\/div>\n\n\n\n<div class=\"wp-block-group alignwide is-layout-flow wp-block-group-is-layout-flow\" style=\"border-bottom-width:1px;padding-top:24px;padding-bottom:24px\">\n<div class=\"wp-block-group is-content-justification-space-between is-layout-flex wp-container-core-group-is-layout-ceead2e9 wp-block-group-is-layout-flex\">\n<h4 class=\"wp-block-heading is-menu-item-name has-text-color has-link-color wp-elements-730181a56097acf582d07e7124e8dcb7\" style=\"color:#a40a34\">Gesichtsmassage<\/h4>\n\n\n\n<p class=\"is-menu-item-price\">32 Euro<\/p>\n<\/div>\n<\/div>\n\n\n\n<div class=\"wp-block-group alignwide is-layout-flow wp-block-group-is-layout-flow\" style=\"border-bottom-width:1px;padding-top:24px;padding-bottom:24px\">\n<div class=\"wp-block-group is-content-justification-space-between is-layout-flex wp-container-core-group-is-layout-ceead2e9 wp-block-group-is-layout-flex\">\n<h4 class=\"wp-block-heading is-menu-item-name has-text-color has-link-color wp-elements-f3eb2affcb37baaa0672d0eba1887571\" style=\"color:#a40a34\">Gesichtslymphdrainage<\/h4>\n\n\n\n<p class=\"is-menu-item-price\">32 Euro<\/p>\n<\/div>\n<\/div>\n\n\n\n<div class=\"wp-block-group alignwide is-layout-flow wp-block-group-is-layout-flow\" style=\"border-bottom-width:1px;padding-top:24px;padding-bottom:24px\">\n<div class=\"wp-block-group is-content-justification-space-between is-layout-flex wp-container-core-group-is-layout-ceead2e9 wp-block-group-is-layout-flex\">\n<h4 class=\"wp-block-heading is-menu-item-name has-text-color has-link-color wp-elements-4d373ae2f6ad180986d4218a0c986883\" style=\"color:#a40a34\">Microdermabrassion<\/h4>\n\n\n\n<p class=\"is-menu-item-price\">32 Euro<\/p>\n<\/div>\n<\/div>\n\n\n\n<div class=\"wp-block-group alignwide is-layout-flow wp-block-group-is-layout-flow\" style=\"padding-top:24px;padding-bottom:24px\">\n<div class=\"wp-block-group is-content-justification-space-between is-layout-flex wp-container-core-group-is-layout-ceead2e9 wp-block-group-is-layout-flex\">\n<h4 class=\"wp-block-heading is-menu-item-name has-text-color has-link-color wp-elements-f6d3a1c056a5ad2addb406ad32a60dcc\" style=\"color:#a40a34\">Ultraschall, Photon + Ampulle<\/h4>\n\n\n\n<p class=\"is-menu-item-price\">45 Euro<\/p>\n<\/div>\n<\/div>\n\n\n\n<div class=\"wp-block-group alignwide is-layout-flow wp-block-group-is-layout-flow\" style=\"border-top-width:1px;padding-top:24px;padding-bottom:24px\">\n<div class=\"wp-block-group is-content-justification-space-between is-layout-flex wp-container-core-group-is-layout-ceead2e9 wp-block-group-is-layout-flex\">\n<h4 class=\"wp-block-heading is-menu-item-name has-text-color has-link-color wp-elements-3f8b14021fc2ca846b324a9c7892a550\" style=\"color:#a40a34\">Iontophorese<\/h4>\n\n\n\n<p class=\"is-menu-item-price\">45 Euro<\/p>\n<\/div>\n<\/div>\n<\/div>\n<\/div>\n<\/div>\n<\/div>\n<\/div>\n\n\n\n<div class=\"wp-block-group alignfull is-style-section-1 has-global-padding is-content-justification-center is-layout-constrained wp-block-group-is-layout-constrained is-style-section-1--6\" style=\"margin-top:0;margin-bottom:0;padding-top:var(--wp--preset--spacing--50);padding-bottom:var(--wp--preset--spacing--50)\">\n<div class=\"wp-block-group alignwide is-layout-flow wp-block-group-is-layout-flow\">\n<div class=\"wp-block-group alignwide is-layout-flow wp-block-group-is-layout-flow\">\n<div class=\"wp-block-columns alignwide is-layout-flex wp-container-core-columns-is-layout-87beb0d0 wp-block-columns-is-layout-flex\">\n<div class=\"wp-block-column is-layout-flow wp-block-column-is-layout-flow\">\n<h2 class=\"wp-block-heading has-text-color has-link-color wp-elements-7d0fe06558631a5b7e5788d1d9d0a04b\" style=\"color:#a40a34\">Augen spezial<\/h2>\n\n\n\n<div style=\"margin-top:0;margin-bottom:0;height:var(--wp--preset--spacing--10)\" aria-hidden=\"true\" class=\"wp-block-spacer\"><\/div>\n<\/div>\n\n\n\n<div class=\"wp-block-column is-layout-flow wp-container-core-column-is-layout-8a368f38 wp-block-column-is-layout-flow\">\n<div class=\"wp-block-group is-vertical is-layout-flex wp-container-core-group-is-layout-fe9cc265 wp-block-group-is-layout-flex\">\n<h3 class=\"wp-block-heading has-text-color has-link-color wp-elements-f7b5c4ed52ce2e5f271cf8c9cdf3dba7\" style=\"color:#a40a34\">LIFT EXPRESS Collagen<\/h3>\n\n\n\n<p>25 Euro<\/p>\n\n\n\n<p class=\"is-service-description\">Die <strong>Lift Express Collagen<\/strong> Behandlung st\u00e4rkt und versorgt die empfindliche Haut rund um die Augen mit intensiver Pflege. <strong>Collagen, Calcium und Magnesium<\/strong> wirken gezielt gegen <strong>Augenringe und Schwellungen<\/strong>, w\u00e4hrend die straffenden Wirkstoffe feine Linien gl\u00e4tten und f\u00fcr eine frische, wache Ausstrahlung sorgen.<\/p>\n<\/div>\n<\/div>\n\n\n\n<div class=\"wp-block-column is-layout-flow wp-container-core-column-is-layout-8a368f38 wp-block-column-is-layout-flow\">\n<div class=\"wp-block-group is-vertical is-layout-flex wp-container-core-group-is-layout-fe9cc265 wp-block-group-is-layout-flex\">\n<h3 class=\"wp-block-heading has-text-color has-link-color wp-elements-1f0eccc2786b3f46fa03f475bbaa6206\" style=\"color:#a40a34\">Beauty Eyes<\/h3>\n\n\n\n<p>55 Euro<\/p>\n\n\n\n<p class=\"is-service-description\">Die <strong>Beauty Eyes<\/strong> Behandlung schenkt der empfindlichen Augenpartie intensive Pflege und neue Frische. <strong>Ultraschall, hochwirksame Wirkstoffe und eine sanfte Massage<\/strong> gl\u00e4tten sichtbar feine Linien, spenden Feuchtigkeit und reduzieren Tr\u00e4nens\u00e4cke. F\u00fcr eine wache, strahlende Ausstrahlung und jugendlich glatte Haut.<\/p>\n<\/div>\n<\/div>\n<\/div>\n<\/div>\n<\/div>\n\n\n\n<p class=\"has-theme-3-color has-text-color has-link-color wp-elements-0333d96e1ba8aa855ce6ad4e92f134af\"><\/p>\n<\/div>\n","protected":false},"excerpt":{"rendered":"<p>Facials \u2013 Sch\u00f6nheit beginnt mit gesunder Haut G\u00f6nnen Sie Ihrer Haut eine professionelle Pflege in entspannter Atmosph\u00e4re. Unsere Gesichtsbehandlungen sind auf Ihre individuellen Bed\u00fcrfnisse abgestimmt. Wir arbeiten mit hochwertigen Produkten und neuesten Techniken, die Ihre Haut verw\u00f6hnen und f\u00fcr strahlende Ergebnisse sorgen. Entdecken Sie unsere Behandlungen und finden Sie die perfekte Pflege f\u00fcr Ihre Haut! [&hellip;]<\/p>\n","protected":false},"author":130702925,"featured_media":0,"parent":0,"menu_order":0,"comment_status":"closed","ping_status":"closed","template":"","meta":{"footnotes":""},"class_list":["post-31","page","type-page","status-publish","hentry"],"_links":{"self":[{"href":"https:\/\/www.kosmetik-almut.at\/index.php?rest_route=\/wp\/v2\/pages\/31","targetHints":{"allow":["GET"]}}],"collection":[{"href":"https:\/\/www.kosmetik-almut.at\/index.php?rest_route=\/wp\/v2\/pages"}],"about":[{"href":"https:\/\/www.kosmetik-almut.at\/index.php?rest_route=\/wp\/v2\/types\/page"}],"author":[{"embeddable":true,"href":"https:\/\/www.kosmetik-almut.at\/index.php?rest_route=\/wp\/v2\/users\/130702925"}],"replies":[{"embeddable":true,"href":"https:\/\/www.kosmetik-almut.at\/index.php?rest_route=%2Fwp%2Fv2%2Fcomments&post=31"}],"version-history":[{"count":25,"href":"https:\/\/www.kosmetik-almut.at\/index.php?rest_route=\/wp\/v2\/pages\/31\/revisions"}],"predecessor-version":[{"id":336,"href":"https:\/\/www.kosmetik-almut.at\/index.php?rest_route=\/wp\/v2\/pages\/31\/revisions\/336"}],"wp:attachment":[{"href":"https:\/\/www.kosmetik-almut.at\/index.php?rest_route=%2Fwp%2Fv2%2Fmedia&parent=31"}],"curies":[{"name":"wp","href":"https:\/\/api.w.org\/{rel}","templated":true}]}}